{"id":46,"date":"2026-01-01T21:50:13","date_gmt":"2026-01-02T02:50:13","guid":{"rendered":"https:\/\/viaargentinaculturosa.com\/?page_id=46"},"modified":"2026-03-11T15:32:14","modified_gmt":"2026-03-11T20:32:14","slug":"inicio","status":"publish","type":"page","link":"https:\/\/viaargentinaculturosa.com\/","title":{"rendered":"Inicio"},"content":{"rendered":"\n<div class=\"wp-block-coblocks-hero alignfull has-text-color has-palette-color-6-color coblocks-hero-01222241144\"><div class=\"wp-block-coblocks-hero__inner has-background-overlay bg-cover has-background-image bg-no-repeat bg-center-center has-background-overlay-60 hero-center-left-align has-padding has-medium-padding has-left-content\" style=\"background-image:url(https:\/\/viaargentinaculturosa.com\/wp-content\/uploads\/2026\/01\/IMG_3342-scaled.jpg);background-position:50% 46%;min-height:500px\"><div class=\"wp-block-coblocks-hero__content-wrapper\"><div class=\"wp-block-coblocks-hero__content\" style=\"max-width:1000px\">\n<h2 class=\"wp-block-heading has-palette-color-7-color has-text-color has-link-color wp-elements-24cb94213f38c71be31f9ef735ea684b\">V\u00eda Argentina Culturosa<br>Centro Cultural al Aire Libre<\/h2>\n\n\n\n<p>Donde el barrio se vive a trav\u00e9s de la cultura<\/p>\n\n\n\n<div class=\"wp-block-buttons is-layout-flex wp-block-buttons-is-layout-flex\">\n<div class=\"wp-block-button\"><a class=\"wp-block-button__link wp-element-button\" href=\"https:\/\/viaargentinaculturosa.com\/?page_id=130\">Explorar las Salas<\/a><\/div>\n\n\n\n<div class=\"wp-block-button is-style-outline is-style-outline--1\"><a class=\"wp-block-button__link has-white-color has-text-color has-link-color has-border-color has-white-border-color wp-element-button\" href=\"https:\/\/viaargentinaculturosa.com\/?page_id=160\">Ver Actividades<\/a><\/div>\n<\/div>\n<\/div><\/div><\/div><\/div>\n\n\n\n<div class=\"wp-block-group alignwide is-layout-constrained wp-block-group-is-layout-constrained\">\n<h2 class=\"wp-block-heading has-text-align-center\">Un centro cultural vivo en El Cangrejo<\/h2>\n\n\n\n<p class=\"has-text-align-center\">V\u00eda Argentina Culturosa es un centro cultural al aire libre que activa el barrio de El Cangrejo a trav\u00e9s de la cultura, la educaci\u00f3n, la naturaleza y la memoria colectiva, conectando a personas, comercios y comunidades con la vida cultural del territorio.<\/p>\n\n\n\n<div class=\"wp-block-buttons alignwide is-content-justification-center is-layout-flex wp-container-core-buttons-is-layout-a89b3969 wp-block-buttons-is-layout-flex\">\n<div class=\"wp-block-button is-style-fill\"><a class=\"wp-block-button__link has-text-align-center wp-element-button\" href=\"https:\/\/viaargentinaculturosa.com\/?page_id=94\">Conoce el proyecto<\/a><\/div>\n<\/div>\n<\/div>\n\n\n\n<div class=\"wp-block-group alignwide is-layout-constrained wp-block-group-is-layout-constrained\">\n<h2 class=\"wp-block-heading has-text-align-center\">Las Salas del Centro Cultural <\/h2>\n\n\n\n<p class=\"has-text-align-center\">Seis espacios conceptuales que organizan nuestra programaci\u00f3n <\/p>\n\n\n\n<div class=\"wp-block-columns is-layout-flex wp-container-core-columns-is-layout-28f84493 wp-block-columns-is-layout-flex\">\n<div class=\"wp-block-column is-layout-flow wp-block-column-is-layout-flow\">\n<div class=\"wp-block-group is-layout-constrained wp-block-group-is-layout-constrained\">\n<figure class=\"wp-block-image alignwide size-large\"><img loading=\"lazy\" decoding=\"async\" width=\"1024\" height=\"448\" src=\"https:\/\/viaargentinaculturosa.com\/wp-content\/uploads\/2026\/01\/VAC_Steam-1024x448.png\" alt=\"\" class=\"wp-image-60\" srcset=\"https:\/\/viaargentinaculturosa.com\/wp-content\/uploads\/2026\/01\/VAC_Steam-1024x448.png 1024w, https:\/\/viaargentinaculturosa.com\/wp-content\/uploads\/2026\/01\/VAC_Steam-300x131.png 300w, https:\/\/viaargentinaculturosa.com\/wp-content\/uploads\/2026\/01\/VAC_Steam-768x336.png 768w, https:\/\/viaargentinaculturosa.com\/wp-content\/uploads\/2026\/01\/VAC_Steam-1536x673.png 1536w, https:\/\/viaargentinaculturosa.com\/wp-content\/uploads\/2026\/01\/VAC_Steam-1320x578.png 1320w, https:\/\/viaargentinaculturosa.com\/wp-content\/uploads\/2026\/01\/VAC_Steam-600x263.png 600w, https:\/\/viaargentinaculturosa.com\/wp-content\/uploads\/2026\/01\/VAC_Steam.png 1667w\" sizes=\"auto, (max-width: 1024px) 100vw, 1024px\" \/><\/figure>\n\n\n\n<h4 class=\"wp-block-heading has-text-align-center\">Sala STEAM<\/h4>\n\n\n\n<p class=\"has-text-align-center\">Educaci\u00f3n a trav\u00e9s de la ciencia, el arte, la tecnolog\u00eda y las matem\u00e1ticas<\/p>\n\n\n\n<div class=\"wp-block-buttons is-content-justification-center is-layout-flex wp-container-core-buttons-is-layout-a89b3969 wp-block-buttons-is-layout-flex\">\n<div class=\"wp-block-button\"><a class=\"wp-block-button__link has-text-align-center wp-element-button\">Explorar Sala \u2192<\/a><\/div>\n<\/div>\n<\/div>\n\n\n\n<div class=\"wp-block-group is-layout-constrained wp-block-group-is-layout-constrained\">\n<figure class=\"wp-block-image alignwide size-large\"><img loading=\"lazy\" decoding=\"async\" width=\"1024\" height=\"448\" src=\"https:\/\/viaargentinaculturosa.com\/wp-content\/uploads\/2026\/01\/VAC_lectura-1024x448.png\" alt=\"\" class=\"wp-image-61\" srcset=\"https:\/\/viaargentinaculturosa.com\/wp-content\/uploads\/2026\/01\/VAC_lectura-1024x448.png 1024w, https:\/\/viaargentinaculturosa.com\/wp-content\/uploads\/2026\/01\/VAC_lectura-300x131.png 300w, https:\/\/viaargentinaculturosa.com\/wp-content\/uploads\/2026\/01\/VAC_lectura-768x336.png 768w, https:\/\/viaargentinaculturosa.com\/wp-content\/uploads\/2026\/01\/VAC_lectura-1536x672.png 1536w, https:\/\/viaargentinaculturosa.com\/wp-content\/uploads\/2026\/01\/VAC_lectura-1320x578.png 1320w, https:\/\/viaargentinaculturosa.com\/wp-content\/uploads\/2026\/01\/VAC_lectura-600x263.png 600w, https:\/\/viaargentinaculturosa.com\/wp-content\/uploads\/2026\/01\/VAC_lectura.png 1668w\" sizes=\"auto, (max-width: 1024px) 100vw, 1024px\" \/><\/figure>\n\n\n\n<h4 class=\"wp-block-heading has-text-align-center\">Sala de Lectura<\/h4>\n\n\n\n<p class=\"has-text-align-center\">Educaci\u00f3n a trav\u00e9s de la ciencia, el arte, la tecnolog\u00eda y las matem\u00e1ticas<\/p>\n\n\n\n<div class=\"wp-block-buttons is-content-justification-center is-layout-flex wp-container-core-buttons-is-layout-a89b3969 wp-block-buttons-is-layout-flex\">\n<div class=\"wp-block-button\"><a class=\"wp-block-button__link has-text-align-center wp-element-button\">Explorar Sala \u2192<\/a><\/div>\n<\/div>\n<\/div>\n<\/div>\n\n\n\n<div class=\"wp-block-column is-layout-flow wp-block-column-is-layout-flow\">\n<div class=\"wp-block-group is-layout-constrained wp-block-group-is-layout-constrained\">\n<figure class=\"wp-block-image alignwide size-large\"><img loading=\"lazy\" decoding=\"async\" width=\"1024\" height=\"448\" src=\"https:\/\/viaargentinaculturosa.com\/wp-content\/uploads\/2026\/01\/VAC_Aviario-1024x448.png\" alt=\"\" class=\"wp-image-59\" srcset=\"https:\/\/viaargentinaculturosa.com\/wp-content\/uploads\/2026\/01\/VAC_Aviario-1024x448.png 1024w, https:\/\/viaargentinaculturosa.com\/wp-content\/uploads\/2026\/01\/VAC_Aviario-300x131.png 300w, https:\/\/viaargentinaculturosa.com\/wp-content\/uploads\/2026\/01\/VAC_Aviario-768x336.png 768w, https:\/\/viaargentinaculturosa.com\/wp-content\/uploads\/2026\/01\/VAC_Aviario-1536x673.png 1536w, https:\/\/viaargentinaculturosa.com\/wp-content\/uploads\/2026\/01\/VAC_Aviario-1320x578.png 1320w, https:\/\/viaargentinaculturosa.com\/wp-content\/uploads\/2026\/01\/VAC_Aviario-600x263.png 600w, https:\/\/viaargentinaculturosa.com\/wp-content\/uploads\/2026\/01\/VAC_Aviario.png 1667w\" sizes=\"auto, (max-width: 1024px) 100vw, 1024px\" \/><\/figure>\n\n\n\n<h4 class=\"wp-block-heading has-text-align-center\">Aviario<\/h4>\n\n\n\n<p class=\"has-text-align-center\">Educaci\u00f3n a trav\u00e9s de la ciencia, el arte, la tecnolog\u00eda y las matem\u00e1ticas<\/p>\n\n\n\n<div class=\"wp-block-buttons is-content-justification-center is-layout-flex wp-container-core-buttons-is-layout-a89b3969 wp-block-buttons-is-layout-flex\">\n<div class=\"wp-block-button\"><a class=\"wp-block-button__link has-text-align-center wp-element-button\">Explorar Sala \u2192<\/a><\/div>\n<\/div>\n<\/div>\n\n\n\n<div class=\"wp-block-group is-layout-constrained wp-block-group-is-layout-constrained\">\n<figure class=\"wp-block-image alignwide size-large\"><img loading=\"lazy\" decoding=\"async\" width=\"1024\" height=\"448\" src=\"https:\/\/viaargentinaculturosa.com\/wp-content\/uploads\/2026\/01\/VAC_Exposiciones-1024x448.png\" alt=\"\" class=\"wp-image-178\" srcset=\"https:\/\/viaargentinaculturosa.com\/wp-content\/uploads\/2026\/01\/VAC_Exposiciones-1024x448.png 1024w, https:\/\/viaargentinaculturosa.com\/wp-content\/uploads\/2026\/01\/VAC_Exposiciones-300x131.png 300w, https:\/\/viaargentinaculturosa.com\/wp-content\/uploads\/2026\/01\/VAC_Exposiciones-768x336.png 768w, https:\/\/viaargentinaculturosa.com\/wp-content\/uploads\/2026\/01\/VAC_Exposiciones-1536x672.png 1536w, https:\/\/viaargentinaculturosa.com\/wp-content\/uploads\/2026\/01\/VAC_Exposiciones-1320x578.png 1320w, https:\/\/viaargentinaculturosa.com\/wp-content\/uploads\/2026\/01\/VAC_Exposiciones-600x263.png 600w, https:\/\/viaargentinaculturosa.com\/wp-content\/uploads\/2026\/01\/VAC_Exposiciones.png 1668w\" sizes=\"auto, (max-width: 1024px) 100vw, 1024px\" \/><\/figure>\n\n\n\n<h4 class=\"wp-block-heading has-text-align-center\">Sala de Exposiciones<\/h4>\n\n\n\n<p class=\"has-text-align-center\">Educaci\u00f3n a trav\u00e9s de la ciencia, el arte, la tecnolog\u00eda y las matem\u00e1ticas<\/p>\n\n\n\n<div class=\"wp-block-buttons is-content-justification-center is-layout-flex wp-container-core-buttons-is-layout-a89b3969 wp-block-buttons-is-layout-flex\">\n<div class=\"wp-block-button\"><a class=\"wp-block-button__link has-text-align-center wp-element-button\">Explorar Sala \u2192<\/a><\/div>\n<\/div>\n<\/div>\n<\/div>\n\n\n\n<div class=\"wp-block-column is-layout-flow wp-block-column-is-layout-flow\">\n<div class=\"wp-block-group is-layout-constrained wp-block-group-is-layout-constrained\">\n<figure class=\"wp-block-image alignwide size-large\"><img loading=\"lazy\" decoding=\"async\" width=\"1024\" height=\"448\" src=\"https:\/\/viaargentinaculturosa.com\/wp-content\/uploads\/2026\/01\/VAC_jardin-1024x448.png\" alt=\"\" class=\"wp-image-177\" srcset=\"https:\/\/viaargentinaculturosa.com\/wp-content\/uploads\/2026\/01\/VAC_jardin-1024x448.png 1024w, https:\/\/viaargentinaculturosa.com\/wp-content\/uploads\/2026\/01\/VAC_jardin-300x131.png 300w, https:\/\/viaargentinaculturosa.com\/wp-content\/uploads\/2026\/01\/VAC_jardin-768x336.png 768w, https:\/\/viaargentinaculturosa.com\/wp-content\/uploads\/2026\/01\/VAC_jardin-1536x672.png 1536w, https:\/\/viaargentinaculturosa.com\/wp-content\/uploads\/2026\/01\/VAC_jardin-1320x578.png 1320w, https:\/\/viaargentinaculturosa.com\/wp-content\/uploads\/2026\/01\/VAC_jardin-600x263.png 600w, https:\/\/viaargentinaculturosa.com\/wp-content\/uploads\/2026\/01\/VAC_jardin.png 1668w\" sizes=\"auto, (max-width: 1024px) 100vw, 1024px\" \/><\/figure>\n\n\n\n<h4 class=\"wp-block-heading has-text-align-center\">Jardin Botanico<\/h4>\n\n\n\n<p class=\"has-text-align-center\">Educaci\u00f3n a trav\u00e9s de la ciencia, el arte, la tecnolog\u00eda y las matem\u00e1ticas<\/p>\n\n\n\n<div class=\"wp-block-buttons is-content-justification-center is-layout-flex wp-container-core-buttons-is-layout-a89b3969 wp-block-buttons-is-layout-flex\">\n<div class=\"wp-block-button\"><a class=\"wp-block-button__link has-text-align-center wp-element-button\">Explorar Sala \u2192<\/a><\/div>\n<\/div>\n<\/div>\n\n\n\n<div class=\"wp-block-group is-layout-constrained wp-block-group-is-layout-constrained\">\n<figure class=\"wp-block-image alignwide size-large\"><img loading=\"lazy\" decoding=\"async\" width=\"1024\" height=\"448\" src=\"https:\/\/viaargentinaculturosa.com\/wp-content\/uploads\/2026\/01\/VAC_Mediateca-1024x448.png\" alt=\"\" class=\"wp-image-179\" srcset=\"https:\/\/viaargentinaculturosa.com\/wp-content\/uploads\/2026\/01\/VAC_Mediateca-1024x448.png 1024w, https:\/\/viaargentinaculturosa.com\/wp-content\/uploads\/2026\/01\/VAC_Mediateca-300x131.png 300w, https:\/\/viaargentinaculturosa.com\/wp-content\/uploads\/2026\/01\/VAC_Mediateca-768x336.png 768w, https:\/\/viaargentinaculturosa.com\/wp-content\/uploads\/2026\/01\/VAC_Mediateca-1536x672.png 1536w, https:\/\/viaargentinaculturosa.com\/wp-content\/uploads\/2026\/01\/VAC_Mediateca-1320x578.png 1320w, https:\/\/viaargentinaculturosa.com\/wp-content\/uploads\/2026\/01\/VAC_Mediateca-600x263.png 600w, https:\/\/viaargentinaculturosa.com\/wp-content\/uploads\/2026\/01\/VAC_Mediateca.png 1668w\" sizes=\"auto, (max-width: 1024px) 100vw, 1024px\" \/><\/figure>\n\n\n\n<h4 class=\"wp-block-heading has-text-align-center\">Mediateca<\/h4>\n\n\n\n<p class=\"has-text-align-center\">Educaci\u00f3n a trav\u00e9s de la ciencia, el arte, la tecnolog\u00eda y las matem\u00e1ticas<\/p>\n\n\n\n<div class=\"wp-block-buttons is-content-justification-center is-layout-flex wp-container-core-buttons-is-layout-a89b3969 wp-block-buttons-is-layout-flex\">\n<div class=\"wp-block-button\"><a class=\"wp-block-button__link has-text-align-center wp-element-button\">Explorar Sala \u2192<\/a><\/div>\n<\/div>\n<\/div>\n<\/div>\n<\/div>\n<\/div>\n\n\n\n<div class=\"wp-block-columns is-layout-flex wp-container-core-columns-is-layout-28f84493 wp-block-columns-is-layout-flex\">\n<div class=\"wp-block-column is-layout-flow wp-block-column-is-layout-flow\"><\/div>\n\n\n\n<div class=\"wp-block-column is-layout-flow wp-block-column-is-layout-flow\"><\/div>\n\n\n\n<div class=\"wp-block-column is-layout-flow wp-block-column-is-layout-flow\"><\/div>\n<\/div>\n\n\n\n<div class=\"wp-block-group alignwide is-layout-constrained wp-block-group-is-layout-constrained\">\n<h2 class=\"wp-block-heading has-text-align-center\">Pr\u00f3ximas Actividades<\/h2>\n\n\n\n<div class=\"wp-block-buttons alignwide is-content-justification-center is-layout-flex wp-container-core-buttons-is-layout-a89b3969 wp-block-buttons-is-layout-flex\">\n<div class=\"wp-block-button\"><a class=\"wp-block-button__link has-text-align-center wp-element-button\" href=\"https:\/\/viaargentinaculturosa.com\/?page_id=160\">Ver agenda completa<\/a><\/div>\n<\/div>\n\n\n\n<div class=\"wp-block-query is-layout-flow wp-block-query-is-layout-flow\">\n<div class=\"wp-block-group is-layout-constrained wp-block-group-is-layout-constrained\"><ul class=\"columns-3 wp-block-post-template is-layout-grid wp-container-core-post-template-is-layout-6d3fbd8f wp-block-post-template-is-layout-grid\"><li class=\"wp-block-post post-310 actividad type-actividad status-publish has-post-thumbnail hentry sala-sala-steam\">\n\n<div class=\"wp-block-group is-layout-constrained wp-block-group-is-layout-constrained\">\n<div class=\"wp-block-group is-layout-flow wp-block-group-is-layout-flow\" style=\"padding-top:30px;padding-right:30px;padding-bottom:30px;padding-left:30px\"><figure style=\"aspect-ratio:16\/9; margin-right:0;margin-left:0;\" class=\"alignwide wp-block-post-featured-image\"><img loading=\"lazy\" decoding=\"async\" width=\"1920\" height=\"2560\" src=\"https:\/\/viaargentinaculturosa.com\/wp-content\/uploads\/2026\/04\/IMG_0088-scaled.jpg\" class=\"attachment-post-thumbnail size-post-thumbnail wp-post-image\" alt=\"\" style=\"width:100%;height:100%;object-fit:cover;\" srcset=\"https:\/\/viaargentinaculturosa.com\/wp-content\/uploads\/2026\/04\/IMG_0088-scaled.jpg 1920w, https:\/\/viaargentinaculturosa.com\/wp-content\/uploads\/2026\/04\/IMG_0088-225x300.jpg 225w, https:\/\/viaargentinaculturosa.com\/wp-content\/uploads\/2026\/04\/IMG_0088-768x1024.jpg 768w, https:\/\/viaargentinaculturosa.com\/wp-content\/uploads\/2026\/04\/IMG_0088-1152x1536.jpg 1152w, https:\/\/viaargentinaculturosa.com\/wp-content\/uploads\/2026\/04\/IMG_0088-1536x2048.jpg 1536w, https:\/\/viaargentinaculturosa.com\/wp-content\/uploads\/2026\/04\/IMG_0088-1320x1760.jpg 1320w, https:\/\/viaargentinaculturosa.com\/wp-content\/uploads\/2026\/04\/IMG_0088-600x800.jpg 600w\" sizes=\"auto, (max-width: 1920px) 100vw, 1920px\" \/><\/figure>\n\n\n\n<h2 class=\"wp-block-post-title\"><a href=\"https:\/\/viaargentinaculturosa.com\/?actividad=charlas-conciencia-en-el-barrio-hacia-el-global-big-day\" target=\"_self\" >Charlas ConCiencia en el Barrio: Hacia el Global Big Day<\/a><\/h2>\n\n<div class=\"wp-block-post-date\"><time datetime=\"2026-04-30T14:29:50-05:00\">abril 30, 2026<\/time><\/div>\n\n<div class=\"wp-block-post-excerpt\"><p class=\"wp-block-post-excerpt__excerpt\">V\u00eda Argentina Culturosa invita a una nueva edici\u00f3n de Charlas ConCiencia en el Barrio, con Audubon Panama para documentar y observar aves en tu barrio. <\/p><\/div><\/div>\n<\/div>\n\n<\/li><li class=\"wp-block-post post-302 actividad type-actividad status-publish has-post-thumbnail hentry sala-sala-steam\">\n\n<div class=\"wp-block-group is-layout-constrained wp-block-group-is-layout-constrained\">\n<div class=\"wp-block-group is-layout-flow wp-block-group-is-layout-flow\" style=\"padding-top:30px;padding-right:30px;padding-bottom:30px;padding-left:30px\"><figure style=\"aspect-ratio:16\/9; margin-right:0;margin-left:0;\" class=\"alignwide wp-block-post-featured-image\"><img loading=\"lazy\" decoding=\"async\" width=\"1080\" height=\"783\" src=\"https:\/\/viaargentinaculturosa.com\/wp-content\/uploads\/2026\/04\/PHOTO-2026-04-21-20-16-08-e1777256380731.jpg\" class=\"attachment-post-thumbnail size-post-thumbnail wp-post-image\" alt=\"\" style=\"width:100%;height:100%;object-fit:cover;\" srcset=\"https:\/\/viaargentinaculturosa.com\/wp-content\/uploads\/2026\/04\/PHOTO-2026-04-21-20-16-08-e1777256380731.jpg 1080w, https:\/\/viaargentinaculturosa.com\/wp-content\/uploads\/2026\/04\/PHOTO-2026-04-21-20-16-08-e1777256380731-300x218.jpg 300w, https:\/\/viaargentinaculturosa.com\/wp-content\/uploads\/2026\/04\/PHOTO-2026-04-21-20-16-08-e1777256380731-1024x742.jpg 1024w, https:\/\/viaargentinaculturosa.com\/wp-content\/uploads\/2026\/04\/PHOTO-2026-04-21-20-16-08-e1777256380731-768x557.jpg 768w, https:\/\/viaargentinaculturosa.com\/wp-content\/uploads\/2026\/04\/PHOTO-2026-04-21-20-16-08-e1777256380731-600x435.jpg 600w\" sizes=\"auto, (max-width: 1080px) 100vw, 1080px\" \/><\/figure>\n\n\n\n<h2 class=\"wp-block-post-title\"><a href=\"https:\/\/viaargentinaculturosa.com\/?actividad=charlas-conciencia-en-el-barrio-residuos-dinamicos\" target=\"_self\" >Charlas ConCiencia en el Barrio: Residuos Dinamicos<\/a><\/h2>\n\n<div class=\"wp-block-post-date\"><time datetime=\"2026-04-26T21:15:57-05:00\">abril 26, 2026<\/time><\/div>\n\n<div class=\"wp-block-post-excerpt\"><p class=\"wp-block-post-excerpt__excerpt\">Charla ConCiencia en El Barrio con Residuos Dinamicos este Martes 28 de abril en Barrio Pizza, Via Argentina. <\/p><\/div><\/div>\n<\/div>\n\n<\/li><li class=\"wp-block-post post-209 actividad type-actividad status-publish has-post-thumbnail hentry sala-jardin-botanico sala-sala-steam\">\n\n<div class=\"wp-block-group is-layout-constrained wp-block-group-is-layout-constrained\">\n<div class=\"wp-block-group is-layout-flow wp-block-group-is-layout-flow\" style=\"padding-top:30px;padding-right:30px;padding-bottom:30px;padding-left:30px\"><figure style=\"aspect-ratio:16\/9; margin-right:0;margin-left:0;\" class=\"alignwide wp-block-post-featured-image\"><img loading=\"lazy\" decoding=\"async\" width=\"1920\" height=\"2560\" src=\"https:\/\/viaargentinaculturosa.com\/wp-content\/uploads\/2026\/02\/IMG_3969-scaled.jpg\" class=\"attachment-post-thumbnail size-post-thumbnail wp-post-image\" alt=\"\" style=\"width:100%;height:100%;object-fit:cover;\" srcset=\"https:\/\/viaargentinaculturosa.com\/wp-content\/uploads\/2026\/02\/IMG_3969-scaled.jpg 1920w, https:\/\/viaargentinaculturosa.com\/wp-content\/uploads\/2026\/02\/IMG_3969-225x300.jpg 225w, https:\/\/viaargentinaculturosa.com\/wp-content\/uploads\/2026\/02\/IMG_3969-768x1024.jpg 768w, https:\/\/viaargentinaculturosa.com\/wp-content\/uploads\/2026\/02\/IMG_3969-1152x1536.jpg 1152w, https:\/\/viaargentinaculturosa.com\/wp-content\/uploads\/2026\/02\/IMG_3969-1536x2048.jpg 1536w, https:\/\/viaargentinaculturosa.com\/wp-content\/uploads\/2026\/02\/IMG_3969-1320x1760.jpg 1320w, https:\/\/viaargentinaculturosa.com\/wp-content\/uploads\/2026\/02\/IMG_3969-600x800.jpg 600w\" sizes=\"auto, (max-width: 1920px) 100vw, 1920px\" \/><\/figure>\n\n\n\n<h2 class=\"wp-block-post-title\"><a href=\"https:\/\/viaargentinaculturosa.com\/?actividad=taller-detectives-de-la-fotosintesis\" target=\"_self\" >Taller: Detectives de la Fotosintesis<\/a><\/h2>\n\n<div class=\"wp-block-post-date\"><time datetime=\"2026-02-18T23:16:04-05:00\">febrero 18, 2026<\/time><\/div>\n\n<div class=\"wp-block-post-excerpt\"><p class=\"wp-block-post-excerpt__excerpt\">Una experiencia para que ni\u00f1os, ni\u00f1as descubran el metodo cientifico mediante experimentos sencillos con pigmentos naturales, utilizando hojas y materiales accesibles. <\/p><\/div><\/div>\n<\/div>\n\n<\/li><li class=\"wp-block-post post-151 actividad type-actividad status-publish has-post-thumbnail hentry sala-sala-de-exposicion\">\n\n<div class=\"wp-block-group is-layout-constrained wp-block-group-is-layout-constrained\">\n<div class=\"wp-block-group is-layout-flow wp-block-group-is-layout-flow\" style=\"padding-top:30px;padding-right:30px;padding-bottom:30px;padding-left:30px\"><figure style=\"aspect-ratio:16\/9; margin-right:0;margin-left:0;\" class=\"alignwide wp-block-post-featured-image\"><img loading=\"lazy\" decoding=\"async\" width=\"2560\" height=\"1920\" src=\"https:\/\/viaargentinaculturosa.com\/wp-content\/uploads\/2026\/01\/IMG_2413-scaled.jpg\" class=\"attachment-post-thumbnail size-post-thumbnail wp-post-image\" alt=\"\" style=\"width:100%;height:100%;object-fit:cover;\" srcset=\"https:\/\/viaargentinaculturosa.com\/wp-content\/uploads\/2026\/01\/IMG_2413-scaled.jpg 2560w, https:\/\/viaargentinaculturosa.com\/wp-content\/uploads\/2026\/01\/IMG_2413-300x225.jpg 300w, https:\/\/viaargentinaculturosa.com\/wp-content\/uploads\/2026\/01\/IMG_2413-1024x768.jpg 1024w, https:\/\/viaargentinaculturosa.com\/wp-content\/uploads\/2026\/01\/IMG_2413-768x576.jpg 768w, https:\/\/viaargentinaculturosa.com\/wp-content\/uploads\/2026\/01\/IMG_2413-1536x1152.jpg 1536w, https:\/\/viaargentinaculturosa.com\/wp-content\/uploads\/2026\/01\/IMG_2413-2048x1536.jpg 2048w, https:\/\/viaargentinaculturosa.com\/wp-content\/uploads\/2026\/01\/IMG_2413-1320x990.jpg 1320w, https:\/\/viaargentinaculturosa.com\/wp-content\/uploads\/2026\/01\/IMG_2413-600x450.jpg 600w\" sizes=\"auto, (max-width: 2560px) 100vw, 2560px\" \/><\/figure>\n\n\n\n<h2 class=\"wp-block-post-title\"><a href=\"https:\/\/viaargentinaculturosa.com\/?actividad=exposicion-el-cangrejo-una-historia-contada-en-mapas\" target=\"_self\" >Exposicion: El Cangrejo una Historia Contada en Mapas<\/a><\/h2>\n\n<div class=\"wp-block-post-date\"><time datetime=\"2025-11-27T18:46:38-05:00\">noviembre 27, 2025<\/time><\/div>\n\n<div class=\"wp-block-post-excerpt\"><p class=\"wp-block-post-excerpt__excerpt\">Exposici\u00f3n sobre la historia urbana de El Cangrejo, desde sus primeras lotificaciones hasta sus transformaciones contempor\u00e1neas, desarrollado en alianza con el ge\u00f3grafo e investigador Carlos Gordon. <\/p><\/div><\/div>\n<\/div>\n\n<\/li><\/ul><\/div>\n<\/div>\n<\/div>\n\n\n\n<div class=\"wp-block-group alignwide is-layout-constrained wp-block-group-is-layout-constrained\">\n<h2 class=\"wp-block-heading has-text-align-center\">Noticias<\/h2>\n\n\n\n<p class=\"has-text-align-center\">Procesos culturales que articulan actividades, alianzas y trabajo comunitario en el territorio<\/p>\n\n\n\n<div data-id=\"4dc1a5ee\" class=\"wp-block-blocksy-query\"><div class=\"ct-query-template-grid\"><article class=\"wp-block-post is-layout-flow post-226 post type-post status-publish format-standard has-post-thumbnail hentry category-laboratorio-ciudadano tag-laboratorio-ciudadano tag-reemplazo-basureros-via-argentina tag-vac-circular tag-via-argentina tag-via-argentina-culturosa\">\n<div style=\"border-radius:5px;min-height: 400px; padding-top:var(--wp--preset--spacing--50);padding-bottom:var(--wp--preset--spacing--50);padding-left:var(--wp--preset--spacing--50);padding-right:var(--wp--preset--spacing--50);\" class=\"wp-block-cover ct-dynamic-cover has-custom-content-position is-position-bottom-center wp-elements-49843325eb3d8408c1c3874324a91aac\"><span class=\"wp-block-cover__background\" aria-hidden=\"true\"><\/span><img loading=\"lazy\" decoding=\"async\" width=\"1440\" height=\"2560\" src=\"https:\/\/viaargentinaculturosa.com\/wp-content\/uploads\/2026\/03\/Basureros-nuevos-scaled.jpg\" class=\"wp-block-cover__image-background wp-post-image\" alt=\"\" srcset=\"https:\/\/viaargentinaculturosa.com\/wp-content\/uploads\/2026\/03\/Basureros-nuevos-scaled.jpg 1440w, https:\/\/viaargentinaculturosa.com\/wp-content\/uploads\/2026\/03\/Basureros-nuevos-169x300.jpg 169w, https:\/\/viaargentinaculturosa.com\/wp-content\/uploads\/2026\/03\/Basureros-nuevos-576x1024.jpg 576w, https:\/\/viaargentinaculturosa.com\/wp-content\/uploads\/2026\/03\/Basureros-nuevos-768x1365.jpg 768w, https:\/\/viaargentinaculturosa.com\/wp-content\/uploads\/2026\/03\/Basureros-nuevos-864x1536.jpg 864w, https:\/\/viaargentinaculturosa.com\/wp-content\/uploads\/2026\/03\/Basureros-nuevos-1152x2048.jpg 1152w, https:\/\/viaargentinaculturosa.com\/wp-content\/uploads\/2026\/03\/Basureros-nuevos-1320x2347.jpg 1320w, https:\/\/viaargentinaculturosa.com\/wp-content\/uploads\/2026\/03\/Basureros-nuevos-600x1067.jpg 600w\" sizes=\"auto, (max-width: 1440px) 100vw, 1440px\" \/><div class=\"wp-block-cover__inner-container ct-dynamic-cover__inner-3 is-layout-constrained wp-block-cover-is-layout-constrained\">\n<h2 class=\"ct-dynamic-data has-text-align-center wp-elements-afd89a34bb1a0c711deffce58579054a wp-elements-aeeb15b0d07c8f0bfce44f097a5137df has-medium-font-size\"><a href=\"https:\/\/viaargentinaculturosa.com\/?p=226\">Proyecto de reemplazo de basureros peatonales en V\u00eda Argentina<\/a><\/h2>\n\n<div style=\"font-size:12px;text-transform:uppercase;\" class=\"ct-dynamic-data has-text-align-center wp-elements-d79cf465bc7c149039fd2a685c9513f2\">marzo 10, 2026<\/div>\n<\/div><\/div>\n<\/article><article class=\"wp-block-post is-layout-flow post-194 post type-post status-publish format-standard has-post-thumbnail hentry category-uncategorized\">\n<div style=\"border-radius:5px;min-height: 400px; padding-top:var(--wp--preset--spacing--50);padding-bottom:var(--wp--preset--spacing--50);padding-left:var(--wp--preset--spacing--50);padding-right:var(--wp--preset--spacing--50);\" class=\"wp-block-cover ct-dynamic-cover has-custom-content-position is-position-bottom-center wp-elements-49843325eb3d8408c1c3874324a91aac\"><span class=\"wp-block-cover__background\" aria-hidden=\"true\"><\/span><img loading=\"lazy\" decoding=\"async\" width=\"2560\" height=\"1920\" src=\"https:\/\/viaargentinaculturosa.com\/wp-content\/uploads\/2026\/03\/B33483E2-3EE5-41CD-8-1-scaled.jpg\" class=\"wp-block-cover__image-background wp-post-image\" alt=\"\" srcset=\"https:\/\/viaargentinaculturosa.com\/wp-content\/uploads\/2026\/03\/B33483E2-3EE5-41CD-8-1-scaled.jpg 2560w, https:\/\/viaargentinaculturosa.com\/wp-content\/uploads\/2026\/03\/B33483E2-3EE5-41CD-8-1-300x225.jpg 300w, https:\/\/viaargentinaculturosa.com\/wp-content\/uploads\/2026\/03\/B33483E2-3EE5-41CD-8-1-1024x768.jpg 1024w, https:\/\/viaargentinaculturosa.com\/wp-content\/uploads\/2026\/03\/B33483E2-3EE5-41CD-8-1-768x576.jpg 768w, https:\/\/viaargentinaculturosa.com\/wp-content\/uploads\/2026\/03\/B33483E2-3EE5-41CD-8-1-1536x1152.jpg 1536w, https:\/\/viaargentinaculturosa.com\/wp-content\/uploads\/2026\/03\/B33483E2-3EE5-41CD-8-1-2048x1536.jpg 2048w, https:\/\/viaargentinaculturosa.com\/wp-content\/uploads\/2026\/03\/B33483E2-3EE5-41CD-8-1-1320x990.jpg 1320w, https:\/\/viaargentinaculturosa.com\/wp-content\/uploads\/2026\/03\/B33483E2-3EE5-41CD-8-1-600x450.jpg 600w\" sizes=\"auto, (max-width: 2560px) 100vw, 2560px\" \/><div class=\"wp-block-cover__inner-container ct-dynamic-cover__inner-4 is-layout-constrained wp-block-cover-is-layout-constrained\">\n<h2 class=\"ct-dynamic-data has-text-align-center wp-elements-afd89a34bb1a0c711deffce58579054a wp-elements-aeeb15b0d07c8f0bfce44f097a5137df has-medium-font-size\"><a href=\"https:\/\/viaargentinaculturosa.com\/?p=194\">Programa de Articulaci\u00f3n Barrial<\/a><\/h2>\n\n<div style=\"font-size:12px;text-transform:uppercase;\" class=\"ct-dynamic-data has-text-align-center wp-elements-d79cf465bc7c149039fd2a685c9513f2\">enero 5, 2026<\/div>\n<\/div><\/div>\n<\/article><\/div><style>[data-id='4dc1a5ee'] {--grid-columns-width:3;}@media (max-width: 999.98px) {[data-id='4dc1a5ee'] {--grid-columns-width:2;}}@media (max-width: 689.98px) {[data-id='4dc1a5ee'] {--grid-columns-width:1;}}<\/style><\/div>\n<\/div>\n\n\n\n<div class=\"wp-block-media-text is-stacked-on-mobile\" style=\"margin-right:0;margin-left:0;padding-top:0;padding-bottom:0\"><figure class=\"wp-block-media-text__media\"><img loading=\"lazy\" decoding=\"async\" width=\"1024\" height=\"818\" src=\"https:\/\/viaargentinaculturosa.com\/wp-content\/uploads\/2026\/01\/Screenshot-2026-01-02-at-4.30.46-PM-1024x818.png\" alt=\"\" class=\"wp-image-127 size-full\" srcset=\"https:\/\/viaargentinaculturosa.com\/wp-content\/uploads\/2026\/01\/Screenshot-2026-01-02-at-4.30.46-PM-1024x818.png 1024w, https:\/\/viaargentinaculturosa.com\/wp-content\/uploads\/2026\/01\/Screenshot-2026-01-02-at-4.30.46-PM-300x240.png 300w, https:\/\/viaargentinaculturosa.com\/wp-content\/uploads\/2026\/01\/Screenshot-2026-01-02-at-4.30.46-PM-768x613.png 768w, https:\/\/viaargentinaculturosa.com\/wp-content\/uploads\/2026\/01\/Screenshot-2026-01-02-at-4.30.46-PM-1536x1227.png 1536w, https:\/\/viaargentinaculturosa.com\/wp-content\/uploads\/2026\/01\/Screenshot-2026-01-02-at-4.30.46-PM-1320x1054.png 1320w, https:\/\/viaargentinaculturosa.com\/wp-content\/uploads\/2026\/01\/Screenshot-2026-01-02-at-4.30.46-PM-600x479.png 600w, https:\/\/viaargentinaculturosa.com\/wp-content\/uploads\/2026\/01\/Screenshot-2026-01-02-at-4.30.46-PM.png 1570w\" sizes=\"auto, (max-width: 1024px) 100vw, 1024px\" \/><\/figure><div class=\"wp-block-media-text__content\">\n<h2 class=\"wp-block-heading\">El mapa culturoso del barrio<\/h2>\n\n\n\n<p>Desarrollamos un mapa del barrio de El Cangrejo, en el marco del proyecto Mapa Culturoso, que funciona como una herramienta de lectura cultural del territorio, permite explorar los espacios, actores y experiencias que conforman la vida cultural del territorio.<\/p>\n\n\n\n<div class=\"wp-block-buttons is-layout-flex wp-block-buttons-is-layout-flex\">\n<div class=\"wp-block-button\"><a class=\"wp-block-button__link wp-element-button\">Explora el Mapa<\/a><\/div>\n<\/div>\n<\/div><\/div>\n\n\n\n<div class=\"wp-block-coblocks-hero alignfull coblocks-hero-021284179\"><div class=\"wp-block-coblocks-hero__inner has-parallax has-background-overlay bg-cover has-background-image bg-no-repeat bg-center-center has-background-overlay-40 hero-center-center-align has-padding has-huge-padding has-center-content is-fullscreen\" style=\"background-image:url(https:\/\/viaargentinaculturosa.com\/wp-content\/uploads\/2026\/03\/DSC_1056-scaled.jpg)\"><div class=\"wp-block-coblocks-hero__content-wrapper\"><div class=\"wp-block-coblocks-hero__content\" style=\"max-width:730px\">\n<h2 class=\"wp-block-heading alignwide has-text-align-center has-palette-color-8-color has-text-color has-link-color wp-elements-2464153e28d5b21129e56d1b97cf7b2a\">\u00bfTe interesa construir una alianza cultural con el VAC?<\/h2>\n\n\n\n<p class=\"has-white-color has-text-color has-link-color wp-elements-d6fd8f717879089587d77686ca0d7337\">V\u00eda Argentina Culturosa articula alianzas con personas, colectivos, comercios, organizaciones e instituciones que deseen contribuir a la vida cultural del barrio a trav\u00e9s de programas, actividades y procesos culturales con sentido territorial. <\/p>\n\n\n\n<div class=\"wp-block-buttons is-content-justification-center is-layout-flex wp-container-core-buttons-is-layout-a89b3969 wp-block-buttons-is-layout-flex\">\n<div class=\"wp-block-button\"><a class=\"wp-block-button__link has-text-align-center wp-element-button\" href=\"https:\/\/viaargentinaculturosa.com\/?page_id=189\"><strong>Proponer alianza<\/strong><\/a><\/div>\n<\/div>\n<\/div><\/div><\/div><\/div>\n\n\n\n<p><\/p>\n","protected":false},"excerpt":{"rendered":"<p>Un centro cultural vivo en El Cangrejo V\u00eda Argentina Culturosa es un centro cultural al aire libre que activa el barrio de El Cangrejo a trav\u00e9s de la cultura, la educaci\u00f3n, la naturaleza y la memoria colectiva, conectando a personas, comercios y comunidades con la vida cultural del territorio. Las Salas del Centro Cultural Seis [&hellip;]<\/p>\n","protected":false},"author":2,"featured_media":0,"parent":0,"menu_order":0,"comment_status":"closed","ping_status":"closed","template":"","meta":{"_acf_changed":false,"_coblocks_attr":"","_coblocks_dimensions":"{\"coblocks-hero-01222241144\":{\"padding\":{\"paddingBottom\":\"60px\",\"paddingBottomMobile\":null,\"paddingBottomTablet\":\"75px\",\"paddingLeft\":\"0px\",\"paddingLeftMobile\":null,\"paddingLeftTablet\":\"75px\",\"paddingRight\":\"0px\",\"paddingRightMobile\":null,\"paddingRightTablet\":\"75px\",\"paddingTop\":\"60px\",\"paddingTopMobile\":null,\"paddingTopTablet\":\"75px\"}},\"coblocks-hero-021284179\":{\"padding\":{\"paddingBottom\":\"60px\",\"paddingBottomMobile\":null,\"paddingBottomTablet\":\"80px\",\"paddingLeft\":\"0px\",\"paddingLeftMobile\":null,\"paddingLeftTablet\":\"80px\",\"paddingRight\":\"0px\",\"paddingRightMobile\":null,\"paddingRightTablet\":\"80px\",\"paddingTop\":\"60px\",\"paddingTopMobile\":null,\"paddingTopTablet\":\"80px\"}}}","_coblocks_responsive_height":"{\"coblocks-hero-021284179\":{\"height\":{\"height\":500}}}","_coblocks_accordion_ie_support":"","footnotes":""},"class_list":["post-46","page","type-page","status-publish","hentry"],"blocksy_meta":{"page_structure_type":"default","styles_descriptor":{"styles":{"desktop":"","tablet":"","mobile":""},"google_fonts":[],"version":6},"disable_header":"no","has_hero_section":"disabled"},"acf":[],"jetpack_sharing_enabled":true,"_links":{"self":[{"href":"https:\/\/viaargentinaculturosa.com\/index.php?rest_route=\/wp\/v2\/pages\/46","targetHints":{"allow":["GET"]}}],"collection":[{"href":"https:\/\/viaargentinaculturosa.com\/index.php?rest_route=\/wp\/v2\/pages"}],"about":[{"href":"https:\/\/viaargentinaculturosa.com\/index.php?rest_route=\/wp\/v2\/types\/page"}],"author":[{"embeddable":true,"href":"https:\/\/viaargentinaculturosa.com\/index.php?rest_route=\/wp\/v2\/users\/2"}],"replies":[{"embeddable":true,"href":"https:\/\/viaargentinaculturosa.com\/index.php?rest_route=%2Fwp%2Fv2%2Fcomments&post=46"}],"version-history":[{"count":56,"href":"https:\/\/viaargentinaculturosa.com\/index.php?rest_route=\/wp\/v2\/pages\/46\/revisions"}],"predecessor-version":[{"id":288,"href":"https:\/\/viaargentinaculturosa.com\/index.php?rest_route=\/wp\/v2\/pages\/46\/revisions\/288"}],"wp:attachment":[{"href":"https:\/\/viaargentinaculturosa.com\/index.php?rest_route=%2Fwp%2Fv2%2Fmedia&parent=46"}],"curies":[{"name":"wp","href":"https:\/\/api.w.org\/{rel}","templated":true}]}}